{"id":7328,"date":"2019-07-23T19:22:49","date_gmt":"2019-07-23T19:22:49","guid":{"rendered":"https:\/\/adtusalud.org\/?page_id=7328"},"modified":"2019-07-23T19:22:49","modified_gmt":"2019-07-23T19:22:49","slug":"eduardo-a-cruz","status":"publish","type":"page","link":"https:\/\/adtusalud.org\/en\/about-us\/eduardo-a-cruz\/","title":{"rendered":"Eduardo A. Cruz"},"content":{"rendered":"<div class=\"wpb-content-wrapper\"><p>[vc_row css=&#8221;.vc_custom_1459506735567{margin-bottom: 100px !important;}&#8221;][vc_column offset=&#8221;vc_col-lg-9 vc_col-md-9&#8243;][vc_custom_heading stripe_pos=&#8221;hide&#8221; text=&#8221;Eduardo A. Cruz&#8221; use_theme_fonts=&#8221;yes&#8221; subtitle=&#8221;Presidente &amp; CEO de Humano&#8221;][vc_row_inner css=&#8221;.vc_custom_1453120532096{margin-bottom: 37px !important;}&#8221;][vc_column_inner width=&#8221;1\/2&#8243; offset=&#8221;vc_col-lg-4 vc_col-md-4&#8243;][vc_single_image source=&#8221;featured_image&#8221; img_size=&#8221;560&#215;560&#8243; css=&#8221;.vc_custom_1555484465334{padding-right: 25px !important;}&#8221;][\/vc_column_inner][vc_column_inner width=&#8221;1\/2&#8243; offset=&#8221;vc_col-lg-4 vc_col-md-4&#8243;][stm_spacing lg_spacing=&#8221;0&#8243; md_spacing=&#8221;0&#8243; sm_spacing=&#8221;0&#8243; xs_spacing=&#8221;30&#8243;][vc_custom_heading text=&#8221;Areas de experticia&#8221; font_container=&#8221;tag:h6|text_align:left|color:%23222222&#8243; use_theme_fonts=&#8221;yes&#8221; css=&#8221;.vc_custom_1558842831960{margin-bottom: 18px !important;}&#8221; el_class=&#8221;no_stripe remove_padding&#8221;][vc_column_text]<\/p>\n<ul class=\"small_margin\" style=\"font-size: 13px; line-height: 18px;\">\n<li>Seguros de salud<\/li>\n<li>Negociaci\u00f3n<\/li>\n<li>Planificaci\u00f3n empresarial<\/li>\n<li>Administraci\u00f3n de riesgos de salud<\/li>\n<\/ul>\n<p>[\/vc_column_text][\/vc_column_inner][vc_column_inner offset=&#8221;vc_col-lg-4 vc_col-md-4&#8243;][stm_spacing lg_spacing=&#8221;0&#8243; md_spacing=&#8221;0&#8243; sm_spacing=&#8221;30&#8243; xs_spacing=&#8221;30&#8243;][vc_custom_heading text=&#8221;Educaci\u00f3n&#8221; font_container=&#8221;tag:h6|text_align:left|color:%23222222&#8243; use_theme_fonts=&#8221;yes&#8221; css=&#8221;.vc_custom_1558842811996{margin-bottom: 18px !important;}&#8221; el_class=&#8221;no_stripe remove_padding&#8221;][vc_column_text]<\/p>\n<ul class=\"small_margin\" style=\"font-size: 13px; line-height: 18px;\">\n<li>Harvard Kennedy School &#8211; M\u00e1ster en Administraci\u00f3n P\u00fablica, Pol\u00edticas P\u00fablicas, y Salud P\u00fablica<\/li>\n<li>Georgia Institute of Technology &#8211; M\u00e1ster en Planificaci\u00f3n Estrat\u00e9gica y Mercadeo<\/li>\n<li>Pontificia Universidad Cat\u00f3lica Madre y Maestra (PUCMM) &#8211; Administraci\u00f3n de Empresas<\/li>\n<li>Universidad Nacional Pedro Henr\u00edquez Ure\u00f1a &#8211; Ingeniero civil<\/li>\n<\/ul>\n<p>[\/vc_column_text][\/vc_column_inner][\/vc_row_inner][vc_column_text]El Sr. Eduardo A. Cruz es un director ejecutivo experimentado con un historial demostrado de trabajo en la industria de seguros de salud.<\/p>\n<p>Tiene experiencia en negociaci\u00f3n, planificaci\u00f3n de negocios, habilidades anal\u00edticas y formaci\u00f3n de equipos. Es participante activo en c\u00e1maras y juntas locales e internacionales.[\/vc_column_text][vc_column_text]<\/p>\n<blockquote><p>Cruz atribuye su desarrollo profesional a la pasi\u00f3n por los estudios que sus padres le inculcaron.<\/p><\/blockquote>\n<p>[\/vc_column_text][vc_column_text css=&#8221;.vc_custom_1563127370092{margin-bottom: 25px !important;}&#8221;]Es hijo de Alberto Cruz Eduardo y Beatriz Acosta Santana, quienes se establecieron en Santo Domingo cuando \u00e9l apenas ten\u00eda cuatro a\u00f1os de edad, con el objetivo de que la familia tuviera mejores oportunidades, sobre todo educativas.<\/p>\n<p>A los 15 a\u00f1os de edad ingres\u00f3 a la Universidad Nacional Pedro Henr\u00edquez Ure\u00f1a a estudiar Ingenier\u00eda Civil, donde se gradu\u00f3 con honores, siendo el m\u00e1s joven de su promoci\u00f3n.<\/p>\n<p>Cinco a\u00f1os m\u00e1s tarde inicia su vida laboral, primero en su \u00e1rea de Ingenier\u00eda y luego pas\u00f3 a una empresa privada.<\/p>\n<p>\u201cMe fui hacer una maestr\u00eda en los Estados Unidos, en Administraci\u00f3n de Empresas, dos a\u00f1os en Georgia Institute of Technology y regres\u00e9 a los 24 a\u00f1os de edad con mi maestr\u00eda, aunque fue la segunda, porque hab\u00eda hecho una en la PUCMM de dos a\u00f1os\u201d, dice.<\/p>\n<p>Cita que trabaj\u00f3 para el Grupo Le\u00f3n Jimenes por siete a\u00f1os, donde ocup\u00f3 varios cargos gerenciales.<\/p>\n<p>En marzo de 2001 pas\u00f3 a ser vicepresidente de Negocios de Segna, la compa\u00f1\u00eda matriz original de ARS Humano.<\/p>\n<p>En el a\u00f1o 2004 fue designado presidente ejecutivo de la misma. \u201cVamos a decir que entr\u00e9 justo cuando empez\u00f3 a cambiar el modelo de salud en aseguramiento\u201d, dice.<\/p>\n<p>Resalta que esto le permiti\u00f3 asumir la transformaci\u00f3n de lo que era una aseguradora a una ARS, y \u201cconstituimos lo que todos conocen como ARS -Humano\u201d.<\/p>\n<h3>Sobre el Grupo Humano<\/h3>\n<p>Es un grupo asegurador multinacional de capital dominicano, conformado por Primera ARS de Humano, Humano Seguros y Seguros Vivir, que consolida las operaciones de sus empresas, fortaleci\u00e9ndolas y promoviendo el desarrollo del pa\u00eds y de Centroam\u00e9rica con una oferta integral de seguros de personas.<\/p>\n<p>El grupo cuenta con una fuerza laboral de m\u00e1s de 1,600 empleados. Adem\u00e1s, 1.6 millones de afiliados en salud, con ventas superiores a los 525 millones de d\u00f3lares anuales, y presencia en Panam\u00e1, El Salvador, y Guatemala.[\/vc_column_text][vc_custom_heading stripe_pos=&#8221;hide&#8221; text=&#8221;&#8221; font_container=&#8221;tag:h4|text_align:left|color:%23222222&#8243; use_theme_fonts=&#8221;yes&#8221; css=&#8221;.vc_custom_1559291770325{margin-bottom: 0px !important;}&#8221; el_class=&#8221;no_stripe&#8221;][stm_news loop=&#8221;size:3|order_by:ID|order:ASC|post_type:post,stm_service&#8221; posts_per_row=&#8221;3&#8243; css=&#8221;.vc_custom_1555504395665{margin-bottom: 27px !important;}&#8221; img_size=&#8221;500&#215;500&#8243;][vc_row_inner css=&#8221;.vc_custom_1555577317154{margin-right: 0px !important;margin-left: 0px !important;border-top-width: 1px !important;border-right-width: 1px !important;border-bottom-width: 1px !important;border-left-width: 1px !important;padding-top: 23px !important;padding-right: 35px !important;padding-bottom: 20px !important;padding-left: 35px !important;border-left-color: #d7d7d7 !important;border-left-style: solid !important;border-right-color: #d7d7d7 !important;border-right-style: solid !important;border-top-color: #d7d7d7 !important;border-top-style: solid !important;border-bottom-color: #d7d7d7 !important;border-bottom-style: solid !important;}&#8221; el_class=&#8221;my_form&#8221;][vc_column_inner width=&#8221;1\/4&#8243;][vc_custom_heading stripe_pos=&#8221;hide&#8221; text=&#8221;&#8221; font_container=&#8221;tag:h4|text_align:left|color:%23000000&#8243; use_theme_fonts=&#8221;yes&#8221;][vc_column_text]<span style=\"color: #000000;\">Cont\u00e1ctanos si quieres saber m\u00e1s sobre nuestro programa de membres\u00edas individuales y corporativas. <\/span>[\/vc_column_text][\/vc_column_inner][vc_column_inner width=&#8221;3\/4&#8243; css=&#8221;.vc_custom_1453194844614{padding-top: 27px !important;}&#8221;]<p class=\"wpcf7-contact-form-not-found\"><strong>Error:<\/strong> Contact form not found.<\/p>[\/vc_column_inner][\/vc_row_inner][\/vc_column][vc_column width=&#8221;1\/4&#8243; offset=&#8221;vc_hidden-sm vc_hidden-xs&#8221;][stm_sidebar sidebar=&#8221;577&#8243;][\/vc_column][\/vc_row][vc_row full_width=&#8221;stretch_row&#8221; css=&#8221;.vc_custom_1459505959648{margin-bottom: -60px !important;}&#8221; el_class=&#8221;third_bg_color&#8221;][vc_column][vc_cta h2=&#8221;\u00bfBuscas asesor\u00eda en turismo de salud?&#8221; h2_font_container=&#8221;font_size:20px|color:%23000000|line_height:24px&#8221; h2_use_theme_fonts=&#8221;yes&#8221; shape=&#8221;square&#8221; style=&#8221;flat&#8221; add_button=&#8221;right&#8221; btn_title=&#8221;Cont\u00e1ctanos&#8221; btn_style=&#8221;flat&#8221; btn_color=&#8221;theme_style_2&#8243; btn_size=&#8221;lg&#8221; btn_align=&#8221;right&#8221; btn_i_align=&#8221;right&#8221; btn_i_icon_fontawesome=&#8221;fa fa-chevron-right&#8221; use_custom_fonts_h2=&#8221;true&#8221; btn_add_icon=&#8221;true&#8221; btn_link=&#8221;url:https%3A%2F%2Fadtusalud.org%2Fcontacto%2F||target:%20_blank|&#8221; el_class=&#8221;third_bg_color&#8221; css=&#8221;.vc_custom_1558842377896{margin-bottom: 0px !important;}&#8221;][\/vc_cta][\/vc_column][\/vc_row]<\/p>\n<\/div>","protected":false},"excerpt":{"rendered":"<p>[vc_row css=&#8221;.vc_custom_1459506735567{margin-bottom: 100px !important;}&#8221;][vc_column offset=&#8221;vc_col-lg-9 vc_col-md-9&#8243;][vc_custom_heading stripe_pos=&#8221;hide&#8221; text=&#8221;Eduardo A. Cruz&#8221; use_theme_fonts=&#8221;yes&#8221; subtitle=&#8221;Presidente &amp; CEO de Humano&#8221;][vc_row_inner css=&#8221;.vc_custom_1453120532096{margin-bottom: 37px !important;}&#8221;][vc_column_inner width=&#8221;1\/2&#8243; offset=&#8221;vc_col-lg-4 vc_col-md-4&#8243;][vc_single_image source=&#8221;featured_image&#8221; img_size=&#8221;560&#215;560&#8243; css=&#8221;.vc_custom_1555484465334{padding-right: 25px !important;}&#8221;][\/vc_column_inner][vc_column_inner width=&#8221;1\/2&#8243; offset=&#8221;vc_col-lg-4 vc_col-md-4&#8243;][stm_spacing lg_spacing=&#8221;0&#8243; md_spacing=&#8221;0&#8243; sm_spacing=&#8221;0&#8243; xs_spacing=&#8221;30&#8243;][vc_custom_heading text=&#8221;Areas de experticia&#8221; font_container=&#8221;tag:h6|text_align:left|color:%23222222&#8243; use_theme_fonts=&#8221;yes&#8221; css=&#8221;.vc_custom_1558842831960{margin-bottom: 18px !important;}&#8221; el_class=&#8221;no_stripe remove_padding&#8221;][vc_column_text] Seguros de salud Negociaci\u00f3n Planificaci\u00f3n empresarial Administraci\u00f3n de riesgos de salud<\/p>\n","protected":false},"author":1,"featured_media":7223,"parent":7289,"menu_order":0,"comment_status":"closed","ping_status":"closed","template":"","meta":{"footnotes":""},"class_list":["post-7328","page","type-page","status-publish","has-post-thumbnail","hentry"],"yoast_head":"<!-- This site is optimized with the Yoast SEO plugin v26.3 - https:\/\/yoast.com\/wordpress\/plugins\/seo\/ -->\n<title>Eduardo A. Cruz - Asociaci\u00f3n Dominicana de Turismo de Salud<\/title>\n<meta name=\"robots\" content=\"index, follow, max-snippet:-1, max-image-preview:large, max-video-preview:-1\" \/>\n<link rel=\"canonical\" href=\"https:\/\/adtusalud.org\/en\/about-us\/eduardo-a-cruz\/\" \/>\n<meta property=\"og:locale\" content=\"en_US\" \/>\n<meta property=\"og:type\" content=\"article\" \/>\n<meta property=\"og:title\" content=\"Eduardo A. Cruz - Asociaci\u00f3n Dominicana de Turismo de Salud\" \/>\n<meta property=\"og:description\" content=\"[vc_row css=&#8221;.vc_custom_1459506735567{margin-bottom: 100px !important;}&#8221;][vc_column offset=&#8221;vc_col-lg-9 vc_col-md-9&#8243;][vc_custom_heading stripe_pos=&#8221;hide&#8221; text=&#8221;Eduardo A. Cruz&#8221; use_theme_fonts=&#8221;yes&#8221; subtitle=&#8221;Presidente &amp; CEO de Humano&#8221;][vc_row_inner css=&#8221;.vc_custom_1453120532096{margin-bottom: 37px !important;}&#8221;][vc_column_inner width=&#8221;1\/2&#8243; offset=&#8221;vc_col-lg-4 vc_col-md-4&#8243;][vc_single_image source=&#8221;featured_image&#8221; img_size=&#8221;560&#215;560&#8243; css=&#8221;.vc_custom_1555484465334{padding-right: 25px !important;}&#8221;][\/vc_column_inner][vc_column_inner width=&#8221;1\/2&#8243; offset=&#8221;vc_col-lg-4 vc_col-md-4&#8243;][stm_spacing lg_spacing=&#8221;0&#8243; md_spacing=&#8221;0&#8243; sm_spacing=&#8221;0&#8243; xs_spacing=&#8221;30&#8243;][vc_custom_heading text=&#8221;Areas de experticia&#8221; font_container=&#8221;tag:h6|text_align:left|color:%23222222&#8243; use_theme_fonts=&#8221;yes&#8221; css=&#8221;.vc_custom_1558842831960{margin-bottom: 18px !important;}&#8221; el_class=&#8221;no_stripe remove_padding&#8221;][vc_column_text] Seguros de salud Negociaci\u00f3n Planificaci\u00f3n empresarial Administraci\u00f3n de riesgos de salud\" \/>\n<meta property=\"og:url\" content=\"https:\/\/adtusalud.org\/en\/about-us\/eduardo-a-cruz\/\" \/>\n<meta property=\"og:site_name\" content=\"Asociaci\u00f3n Dominicana de Turismo de Salud\" \/>\n<meta property=\"og:image\" content=\"https:\/\/adtusalud.org\/wp-content\/uploads\/2019\/07\/Eduardo-A.-Cruz.jpg\" \/>\n\t<meta property=\"og:image:width\" content=\"3221\" \/>\n\t<meta property=\"og:image:height\" content=\"3246\" \/>\n\t<meta property=\"og:image:type\" content=\"image\/jpeg\" \/>\n<meta name=\"twitter:card\" content=\"summary_large_image\" \/>\n<meta name=\"twitter:label1\" content=\"Est. reading time\" \/>\n\t<meta name=\"twitter:data1\" content=\"5 minutes\" \/>\n<script type=\"application\/ld+json\" class=\"yoast-schema-graph\">{\"@context\":\"https:\/\/schema.org\",\"@graph\":[{\"@type\":\"WebPage\",\"@id\":\"https:\/\/adtusalud.org\/en\/about-us\/eduardo-a-cruz\/\",\"url\":\"https:\/\/adtusalud.org\/en\/about-us\/eduardo-a-cruz\/\",\"name\":\"Eduardo A. Cruz - Asociaci\u00f3n Dominicana de Turismo de Salud\",\"isPartOf\":{\"@id\":\"https:\/\/adtusalud.org\/en\/#website\"},\"primaryImageOfPage\":{\"@id\":\"https:\/\/adtusalud.org\/en\/about-us\/eduardo-a-cruz\/#primaryimage\"},\"image\":{\"@id\":\"https:\/\/adtusalud.org\/en\/about-us\/eduardo-a-cruz\/#primaryimage\"},\"thumbnailUrl\":\"https:\/\/adtusalud.org\/wp-content\/uploads\/2019\/07\/Eduardo-A.-Cruz.jpg\",\"datePublished\":\"2019-07-23T19:22:49+00:00\",\"breadcrumb\":{\"@id\":\"https:\/\/adtusalud.org\/en\/about-us\/eduardo-a-cruz\/#breadcrumb\"},\"inLanguage\":\"en-US\",\"potentialAction\":[{\"@type\":\"ReadAction\",\"target\":[\"https:\/\/adtusalud.org\/en\/about-us\/eduardo-a-cruz\/\"]}]},{\"@type\":\"ImageObject\",\"inLanguage\":\"en-US\",\"@id\":\"https:\/\/adtusalud.org\/en\/about-us\/eduardo-a-cruz\/#primaryimage\",\"url\":\"https:\/\/adtusalud.org\/wp-content\/uploads\/2019\/07\/Eduardo-A.-Cruz.jpg\",\"contentUrl\":\"https:\/\/adtusalud.org\/wp-content\/uploads\/2019\/07\/Eduardo-A.-Cruz.jpg\",\"width\":3221,\"height\":3246},{\"@type\":\"BreadcrumbList\",\"@id\":\"https:\/\/adtusalud.org\/en\/about-us\/eduardo-a-cruz\/#breadcrumb\",\"itemListElement\":[{\"@type\":\"ListItem\",\"position\":1,\"name\":\"Home\",\"item\":\"https:\/\/adtusalud.org\/en\/\"},{\"@type\":\"ListItem\",\"position\":2,\"name\":\"About us\",\"item\":\"https:\/\/adtusalud.org\/en\/quienes-somos\/\"},{\"@type\":\"ListItem\",\"position\":3,\"name\":\"Eduardo A. Cruz\"}]},{\"@type\":\"WebSite\",\"@id\":\"https:\/\/adtusalud.org\/en\/#website\",\"url\":\"https:\/\/adtusalud.org\/en\/\",\"name\":\"Asociaci\u00f3n Dominicana de Turismo de Salud\",\"description\":\"Asociaci\u00f3n Dominicana de Turismo de Salud\",\"potentialAction\":[{\"@type\":\"SearchAction\",\"target\":{\"@type\":\"EntryPoint\",\"urlTemplate\":\"https:\/\/adtusalud.org\/en\/?s={search_term_string}\"},\"query-input\":{\"@type\":\"PropertyValueSpecification\",\"valueRequired\":true,\"valueName\":\"search_term_string\"}}],\"inLanguage\":\"en-US\"}]}<\/script>\n<!-- \/ Yoast SEO plugin. -->","yoast_head_json":{"title":"Eduardo A. Cruz - Asociaci\u00f3n Dominicana de Turismo de Salud","robots":{"index":"index","follow":"follow","max-snippet":"max-snippet:-1","max-image-preview":"max-image-preview:large","max-video-preview":"max-video-preview:-1"},"canonical":"https:\/\/adtusalud.org\/en\/about-us\/eduardo-a-cruz\/","og_locale":"en_US","og_type":"article","og_title":"Eduardo A. Cruz - Asociaci\u00f3n Dominicana de Turismo de Salud","og_description":"[vc_row css=&#8221;.vc_custom_1459506735567{margin-bottom: 100px !important;}&#8221;][vc_column offset=&#8221;vc_col-lg-9 vc_col-md-9&#8243;][vc_custom_heading stripe_pos=&#8221;hide&#8221; text=&#8221;Eduardo A. Cruz&#8221; use_theme_fonts=&#8221;yes&#8221; subtitle=&#8221;Presidente &amp; CEO de Humano&#8221;][vc_row_inner css=&#8221;.vc_custom_1453120532096{margin-bottom: 37px !important;}&#8221;][vc_column_inner width=&#8221;1\/2&#8243; offset=&#8221;vc_col-lg-4 vc_col-md-4&#8243;][vc_single_image source=&#8221;featured_image&#8221; img_size=&#8221;560&#215;560&#8243; css=&#8221;.vc_custom_1555484465334{padding-right: 25px !important;}&#8221;][\/vc_column_inner][vc_column_inner width=&#8221;1\/2&#8243; offset=&#8221;vc_col-lg-4 vc_col-md-4&#8243;][stm_spacing lg_spacing=&#8221;0&#8243; md_spacing=&#8221;0&#8243; sm_spacing=&#8221;0&#8243; xs_spacing=&#8221;30&#8243;][vc_custom_heading text=&#8221;Areas de experticia&#8221; font_container=&#8221;tag:h6|text_align:left|color:%23222222&#8243; use_theme_fonts=&#8221;yes&#8221; css=&#8221;.vc_custom_1558842831960{margin-bottom: 18px !important;}&#8221; el_class=&#8221;no_stripe remove_padding&#8221;][vc_column_text] Seguros de salud Negociaci\u00f3n Planificaci\u00f3n empresarial Administraci\u00f3n de riesgos de salud","og_url":"https:\/\/adtusalud.org\/en\/about-us\/eduardo-a-cruz\/","og_site_name":"Asociaci\u00f3n Dominicana de Turismo de Salud","og_image":[{"width":3221,"height":3246,"url":"https:\/\/adtusalud.org\/wp-content\/uploads\/2019\/07\/Eduardo-A.-Cruz.jpg","type":"image\/jpeg"}],"twitter_card":"summary_large_image","twitter_misc":{"Est. reading time":"5 minutes"},"schema":{"@context":"https:\/\/schema.org","@graph":[{"@type":"WebPage","@id":"https:\/\/adtusalud.org\/en\/about-us\/eduardo-a-cruz\/","url":"https:\/\/adtusalud.org\/en\/about-us\/eduardo-a-cruz\/","name":"Eduardo A. Cruz - Asociaci\u00f3n Dominicana de Turismo de Salud","isPartOf":{"@id":"https:\/\/adtusalud.org\/en\/#website"},"primaryImageOfPage":{"@id":"https:\/\/adtusalud.org\/en\/about-us\/eduardo-a-cruz\/#primaryimage"},"image":{"@id":"https:\/\/adtusalud.org\/en\/about-us\/eduardo-a-cruz\/#primaryimage"},"thumbnailUrl":"https:\/\/adtusalud.org\/wp-content\/uploads\/2019\/07\/Eduardo-A.-Cruz.jpg","datePublished":"2019-07-23T19:22:49+00:00","breadcrumb":{"@id":"https:\/\/adtusalud.org\/en\/about-us\/eduardo-a-cruz\/#breadcrumb"},"inLanguage":"en-US","potentialAction":[{"@type":"ReadAction","target":["https:\/\/adtusalud.org\/en\/about-us\/eduardo-a-cruz\/"]}]},{"@type":"ImageObject","inLanguage":"en-US","@id":"https:\/\/adtusalud.org\/en\/about-us\/eduardo-a-cruz\/#primaryimage","url":"https:\/\/adtusalud.org\/wp-content\/uploads\/2019\/07\/Eduardo-A.-Cruz.jpg","contentUrl":"https:\/\/adtusalud.org\/wp-content\/uploads\/2019\/07\/Eduardo-A.-Cruz.jpg","width":3221,"height":3246},{"@type":"BreadcrumbList","@id":"https:\/\/adtusalud.org\/en\/about-us\/eduardo-a-cruz\/#breadcrumb","itemListElement":[{"@type":"ListItem","position":1,"name":"Home","item":"https:\/\/adtusalud.org\/en\/"},{"@type":"ListItem","position":2,"name":"About us","item":"https:\/\/adtusalud.org\/en\/quienes-somos\/"},{"@type":"ListItem","position":3,"name":"Eduardo A. Cruz"}]},{"@type":"WebSite","@id":"https:\/\/adtusalud.org\/en\/#website","url":"https:\/\/adtusalud.org\/en\/","name":"Asociaci\u00f3n Dominicana de Turismo de Salud","description":"Asociaci\u00f3n Dominicana de Turismo de Salud","potentialAction":[{"@type":"SearchAction","target":{"@type":"EntryPoint","urlTemplate":"https:\/\/adtusalud.org\/en\/?s={search_term_string}"},"query-input":{"@type":"PropertyValueSpecification","valueRequired":true,"valueName":"search_term_string"}}],"inLanguage":"en-US"}]}},"_links":{"self":[{"href":"https:\/\/adtusalud.org\/en\/wp-json\/wp\/v2\/pages\/7328","targetHints":{"allow":["GET"]}}],"collection":[{"href":"https:\/\/adtusalud.org\/en\/wp-json\/wp\/v2\/pages"}],"about":[{"href":"https:\/\/adtusalud.org\/en\/wp-json\/wp\/v2\/types\/page"}],"author":[{"embeddable":true,"href":"https:\/\/adtusalud.org\/en\/wp-json\/wp\/v2\/users\/1"}],"replies":[{"embeddable":true,"href":"https:\/\/adtusalud.org\/en\/wp-json\/wp\/v2\/comments?post=7328"}],"version-history":[{"count":2,"href":"https:\/\/adtusalud.org\/en\/wp-json\/wp\/v2\/pages\/7328\/revisions"}],"predecessor-version":[{"id":7330,"href":"https:\/\/adtusalud.org\/en\/wp-json\/wp\/v2\/pages\/7328\/revisions\/7330"}],"up":[{"embeddable":true,"href":"https:\/\/adtusalud.org\/en\/wp-json\/wp\/v2\/pages\/7289"}],"wp:featuredmedia":[{"embeddable":true,"href":"https:\/\/adtusalud.org\/en\/wp-json\/wp\/v2\/media\/7223"}],"wp:attachment":[{"href":"https:\/\/adtusalud.org\/en\/wp-json\/wp\/v2\/media?parent=7328"}],"curies":[{"name":"wp","href":"https:\/\/api.w.org\/{rel}","templated":true}]}}