{"id":7312,"date":"2019-07-23T19:20:16","date_gmt":"2019-07-23T19:20:16","guid":{"rendered":"https:\/\/adtusalud.org\/?page_id=7312"},"modified":"2019-07-23T19:20:16","modified_gmt":"2019-07-23T19:20:16","slug":"dr-jose-lopez-larache","status":"publish","type":"page","link":"https:\/\/adtusalud.org\/en\/about-us\/dr-jose-lopez-larache\/","title":{"rendered":"Dr. Jos\u00e9 L\u00f3pez Larache"},"content":{"rendered":"<div class=\"wpb-content-wrapper\"><p>[vc_row css=&#8221;.vc_custom_1459506735567{margin-bottom: 100px !important;}&#8221;][vc_column offset=&#8221;vc_col-lg-9 vc_col-md-9&#8243;][vc_custom_heading stripe_pos=&#8221;hide&#8221; text=&#8221;Dr. Jos\u00e9 L\u00f3pez Larache&#8221; font_container=&#8221;tag:h6|text_align:left&#8221; use_theme_fonts=&#8221;yes&#8221; subtitle=&#8221;Vicepresidente Salud Central Romana&#8221; link=&#8221;url:https%3A%2F%2Fadtusalud.org%2F%3Fpage_id%3D6746%26preview%3Dtrue|||&#8221;][vc_row_inner css=&#8221;.vc_custom_1453120532096{margin-bottom: 37px !important;}&#8221;][vc_column_inner width=&#8221;1\/2&#8243; offset=&#8221;vc_col-lg-4 vc_col-md-4&#8243;][vc_single_image image=&#8221;6260&#8243; img_size=&#8221;560&#215;560&#8243; onclick=&#8221;custom_link&#8221; css=&#8221;.vc_custom_1559438136322{padding-right: 25px !important;}&#8221;][\/vc_column_inner][vc_column_inner width=&#8221;1\/2&#8243; offset=&#8221;vc_col-lg-4 vc_col-md-4&#8243;][stm_spacing lg_spacing=&#8221;0&#8243; md_spacing=&#8221;0&#8243; sm_spacing=&#8221;0&#8243; xs_spacing=&#8221;30&#8243;][vc_custom_heading text=&#8221;&#8221; font_container=&#8221;tag:h6|text_align:left|color:%23222222&#8243; use_theme_fonts=&#8221;yes&#8221; css=&#8221;.vc_custom_1559437875446{margin-bottom: 18px !important;}&#8221; el_class=&#8221;no_stripe remove_padding&#8221;][vc_column_text]<\/p>\n<ul class=\"small_margin\" style=\"font-size: 13px; line-height: 18px;\">\n<li>Vicepresidente de Salud del Central Romana<\/li>\n<li>Director M\u00e9dico Central Romana<\/li>\n<\/ul>\n<p>[\/vc_column_text][\/vc_column_inner][vc_column_inner offset=&#8221;vc_col-lg-4 vc_col-md-4&#8243;][stm_spacing lg_spacing=&#8221;0&#8243; md_spacing=&#8221;0&#8243; sm_spacing=&#8221;30&#8243; xs_spacing=&#8221;30&#8243;][vc_custom_heading text=&#8221;Educaci\u00f3n&#8221; font_container=&#8221;tag:h6|text_align:left|color:%23222222&#8243; use_theme_fonts=&#8221;yes&#8221; css=&#8221;.vc_custom_1558842811996{margin-bottom: 18px !important;}&#8221; el_class=&#8221;no_stripe remove_padding&#8221;][vc_column_text]<\/p>\n<ul class=\"small_margin\" style=\"font-size: 13px; line-height: 18px;\">\n<li>Medicina PUCMM<\/li>\n<li>Escuela de Medicina Mount Sinai<\/li>\n<\/ul>\n<p>[\/vc_column_text][\/vc_column_inner][\/vc_row_inner][vc_column_text]El doctor Jos\u00e9 L\u00f3pez es un reputado m\u00e9dico que se desempe\u00f1a como vicepresidente de salud del Centro M\u00e9dico Central Romana.<\/p>\n<p>Este centro consta de tres niveles, ascensores, un helipuerto, 84 camas distribuidas en habitaciones privadas y semi-privadas, cuatro salas de cirug\u00eda con equipos m\u00e9dicos de \u00faltima generaci\u00f3n en tecnolog\u00eda, incluyendo un quir\u00f3fano inteligente para cirug\u00eda general y laparoscopia, dos \u00e1reas para cuidados intensivos y coronarios, y una unidad especializada para quemados con tina de inmersi\u00f3n.[\/vc_column_text][vc_column_text]<\/p>\n<blockquote><p>El edificio posee un departamento de ginecolog\u00eda, obstetricia y neonatal, laboratorio cl\u00ednico completo, una amplia \u00e1rea de emergencia, una farmacia para servicio de 24 horas.<\/p><\/blockquote>\n<p>[\/vc_column_text][vc_custom_heading stripe_pos=&#8221;hide&#8221; stm_title_font_weight=&#8221;500&#8243; text=&#8221;Servicios&#8221; font_container=&#8221;tag:h3|text_align:left|color:%23222222&#8243; use_theme_fonts=&#8221;yes&#8221; css=&#8221;.vc_custom_1559423874679{margin-bottom: 0px !important;}&#8221; el_class=&#8221;no_stripe&#8221;][stm_news loop=&#8221;size:3|order_by:ID|order:ASC|post_type:stm_service&#8221; posts_per_row=&#8221;3&#8243; css=&#8221;.vc_custom_1559423815522{margin-bottom: 27px !important;}&#8221; img_size=&#8221;500&#215;500&#8243;][vc_row_inner css=&#8221;.vc_custom_1555577317154{margin-right: 0px !important;margin-left: 0px !important;border-top-width: 1px !important;border-right-width: 1px !important;border-bottom-width: 1px !important;border-left-width: 1px !important;padding-top: 23px !important;padding-right: 35px !important;padding-bottom: 20px !important;padding-left: 35px !important;border-left-color: #d7d7d7 !important;border-left-style: solid !important;border-right-color: #d7d7d7 !important;border-right-style: solid !important;border-top-color: #d7d7d7 !important;border-top-style: solid !important;border-bottom-color: #d7d7d7 !important;border-bottom-style: solid !important;}&#8221; el_class=&#8221;my_form&#8221;][vc_column_inner width=&#8221;1\/4&#8243;][vc_custom_heading stripe_pos=&#8221;hide&#8221; text=&#8221;&#8221; font_container=&#8221;tag:h4|text_align:left|color:%23000000&#8243; use_theme_fonts=&#8221;yes&#8221;][vc_column_text]<span style=\"color: #000000;\">Cont\u00e1ctanos para informaci\u00f3n de membres\u00edas individuales y corporativas. <\/span>[\/vc_column_text][\/vc_column_inner][vc_column_inner width=&#8221;3\/4&#8243; css=&#8221;.vc_custom_1453194844614{padding-top: 27px !important;}&#8221;]<p class=\"wpcf7-contact-form-not-found\"><strong>Error:<\/strong> Contact form not found.<\/p>[\/vc_column_inner][\/vc_row_inner][\/vc_column][vc_column width=&#8221;1\/4&#8243; offset=&#8221;vc_hidden-sm vc_hidden-xs&#8221;][stm_sidebar sidebar=&#8221;577&#8243;][\/vc_column][\/vc_row][vc_row full_width=&#8221;stretch_row&#8221; css=&#8221;.vc_custom_1459505959648{margin-bottom: -60px !important;}&#8221; el_class=&#8221;third_bg_color&#8221;][vc_column][vc_cta h2=&#8221;\u00bfBuscas asesor\u00eda en turismo de salud?&#8221; h2_font_container=&#8221;font_size:20px|color:%23000000|line_height:24px&#8221; h2_use_theme_fonts=&#8221;yes&#8221; shape=&#8221;square&#8221; style=&#8221;flat&#8221; add_button=&#8221;right&#8221; btn_title=&#8221;Cont\u00e1ctanos&#8221; btn_style=&#8221;flat&#8221; btn_color=&#8221;theme_style_2&#8243; btn_size=&#8221;lg&#8221; btn_align=&#8221;right&#8221; btn_i_align=&#8221;right&#8221; btn_i_icon_fontawesome=&#8221;fa fa-chevron-right&#8221; use_custom_fonts_h2=&#8221;true&#8221; btn_add_icon=&#8221;true&#8221; btn_link=&#8221;url:https%3A%2F%2Fadtusalud.org%2Fcontacto%2F||target:%20_blank|&#8221; el_class=&#8221;third_bg_color&#8221; css=&#8221;.vc_custom_1558842377896{margin-bottom: 0px !important;}&#8221;][\/vc_cta][\/vc_column][\/vc_row]<\/p>\n<\/div>","protected":false},"excerpt":{"rendered":"<p>[vc_row css=&#8221;.vc_custom_1459506735567{margin-bottom: 100px !important;}&#8221;][vc_column offset=&#8221;vc_col-lg-9 vc_col-md-9&#8243;][vc_custom_heading stripe_pos=&#8221;hide&#8221; text=&#8221;Dr. Jos\u00e9 L\u00f3pez Larache&#8221; font_container=&#8221;tag:h6|text_align:left&#8221; use_theme_fonts=&#8221;yes&#8221; subtitle=&#8221;Vicepresidente Salud Central Romana&#8221; link=&#8221;url:https%3A%2F%2Fadtusalud.org%2F%3Fpage_id%3D6746%26preview%3Dtrue|||&#8221;][vc_row_inner css=&#8221;.vc_custom_1453120532096{margin-bottom: 37px !important;}&#8221;][vc_column_inner width=&#8221;1\/2&#8243; offset=&#8221;vc_col-lg-4 vc_col-md-4&#8243;][vc_single_image image=&#8221;6260&#8243; img_size=&#8221;560&#215;560&#8243; onclick=&#8221;custom_link&#8221; css=&#8221;.vc_custom_1559438136322{padding-right: 25px !important;}&#8221;][\/vc_column_inner][vc_column_inner width=&#8221;1\/2&#8243; offset=&#8221;vc_col-lg-4 vc_col-md-4&#8243;][stm_spacing lg_spacing=&#8221;0&#8243; md_spacing=&#8221;0&#8243; sm_spacing=&#8221;0&#8243; xs_spacing=&#8221;30&#8243;][vc_custom_heading text=&#8221;&#8221; font_container=&#8221;tag:h6|text_align:left|color:%23222222&#8243; use_theme_fonts=&#8221;yes&#8221; css=&#8221;.vc_custom_1559437875446{margin-bottom: 18px !important;}&#8221; el_class=&#8221;no_stripe remove_padding&#8221;][vc_column_text] Vicepresidente de Salud del Central Romana Director M\u00e9dico Central Romana<\/p>\n","protected":false},"author":1,"featured_media":7095,"parent":7289,"menu_order":0,"comment_status":"closed","ping_status":"closed","template":"","meta":{"footnotes":""},"class_list":["post-7312","page","type-page","status-publish","has-post-thumbnail","hentry"],"yoast_head":"<!-- This site is optimized with the Yoast SEO plugin v26.3 - https:\/\/yoast.com\/wordpress\/plugins\/seo\/ -->\n<title>Dr. Jos\u00e9 L\u00f3pez Larache - Asociaci\u00f3n Dominicana de Turismo de Salud<\/title>\n<meta name=\"robots\" content=\"index, follow, max-snippet:-1, max-image-preview:large, max-video-preview:-1\" \/>\n<link rel=\"canonical\" href=\"https:\/\/adtusalud.org\/en\/about-us\/dr-jose-lopez-larache\/\" \/>\n<meta property=\"og:locale\" content=\"en_US\" \/>\n<meta property=\"og:type\" content=\"article\" \/>\n<meta property=\"og:title\" content=\"Dr. Jos\u00e9 L\u00f3pez Larache - Asociaci\u00f3n Dominicana de Turismo de Salud\" \/>\n<meta property=\"og:description\" content=\"[vc_row css=&#8221;.vc_custom_1459506735567{margin-bottom: 100px !important;}&#8221;][vc_column offset=&#8221;vc_col-lg-9 vc_col-md-9&#8243;][vc_custom_heading stripe_pos=&#8221;hide&#8221; text=&#8221;Dr. Jos\u00e9 L\u00f3pez Larache&#8221; font_container=&#8221;tag:h6|text_align:left&#8221; use_theme_fonts=&#8221;yes&#8221; subtitle=&#8221;Vicepresidente Salud Central Romana&#8221; link=&#8221;url:https%3A%2F%2Fadtusalud.org%2F%3Fpage_id%3D6746%26preview%3Dtrue|||&#8221;][vc_row_inner css=&#8221;.vc_custom_1453120532096{margin-bottom: 37px !important;}&#8221;][vc_column_inner width=&#8221;1\/2&#8243; offset=&#8221;vc_col-lg-4 vc_col-md-4&#8243;][vc_single_image image=&#8221;6260&#8243; img_size=&#8221;560&#215;560&#8243; onclick=&#8221;custom_link&#8221; css=&#8221;.vc_custom_1559438136322{padding-right: 25px !important;}&#8221;][\/vc_column_inner][vc_column_inner width=&#8221;1\/2&#8243; offset=&#8221;vc_col-lg-4 vc_col-md-4&#8243;][stm_spacing lg_spacing=&#8221;0&#8243; md_spacing=&#8221;0&#8243; sm_spacing=&#8221;0&#8243; xs_spacing=&#8221;30&#8243;][vc_custom_heading text=&#8221;&#8221; font_container=&#8221;tag:h6|text_align:left|color:%23222222&#8243; use_theme_fonts=&#8221;yes&#8221; css=&#8221;.vc_custom_1559437875446{margin-bottom: 18px !important;}&#8221; el_class=&#8221;no_stripe remove_padding&#8221;][vc_column_text] Vicepresidente de Salud del Central Romana Director M\u00e9dico Central Romana\" \/>\n<meta property=\"og:url\" content=\"https:\/\/adtusalud.org\/en\/about-us\/dr-jose-lopez-larache\/\" \/>\n<meta property=\"og:site_name\" content=\"Asociaci\u00f3n Dominicana de Turismo de Salud\" \/>\n<meta property=\"og:image\" content=\"https:\/\/adtusalud.org\/wp-content\/uploads\/2019\/05\/Dr.-Jose-Lopez-Larache-257x285.jpg\" \/>\n\t<meta property=\"og:image:width\" content=\"257\" \/>\n\t<meta property=\"og:image:height\" content=\"285\" \/>\n\t<meta property=\"og:image:type\" content=\"image\/jpeg\" \/>\n<meta name=\"twitter:card\" content=\"summary_large_image\" \/>\n<meta name=\"twitter:label1\" content=\"Est. reading time\" \/>\n\t<meta name=\"twitter:data1\" content=\"3 minutes\" \/>\n<script type=\"application\/ld+json\" class=\"yoast-schema-graph\">{\"@context\":\"https:\/\/schema.org\",\"@graph\":[{\"@type\":\"WebPage\",\"@id\":\"https:\/\/adtusalud.org\/en\/about-us\/dr-jose-lopez-larache\/\",\"url\":\"https:\/\/adtusalud.org\/en\/about-us\/dr-jose-lopez-larache\/\",\"name\":\"Dr. Jos\u00e9 L\u00f3pez Larache - Asociaci\u00f3n Dominicana de Turismo de Salud\",\"isPartOf\":{\"@id\":\"https:\/\/adtusalud.org\/en\/#website\"},\"primaryImageOfPage\":{\"@id\":\"https:\/\/adtusalud.org\/en\/about-us\/dr-jose-lopez-larache\/#primaryimage\"},\"image\":{\"@id\":\"https:\/\/adtusalud.org\/en\/about-us\/dr-jose-lopez-larache\/#primaryimage\"},\"thumbnailUrl\":\"https:\/\/adtusalud.org\/wp-content\/uploads\/2019\/05\/Dr.-Jose-Lopez-Larache-257x285.jpg\",\"datePublished\":\"2019-07-23T19:20:16+00:00\",\"breadcrumb\":{\"@id\":\"https:\/\/adtusalud.org\/en\/about-us\/dr-jose-lopez-larache\/#breadcrumb\"},\"inLanguage\":\"en-US\",\"potentialAction\":[{\"@type\":\"ReadAction\",\"target\":[\"https:\/\/adtusalud.org\/en\/about-us\/dr-jose-lopez-larache\/\"]}]},{\"@type\":\"ImageObject\",\"inLanguage\":\"en-US\",\"@id\":\"https:\/\/adtusalud.org\/en\/about-us\/dr-jose-lopez-larache\/#primaryimage\",\"url\":\"https:\/\/adtusalud.org\/wp-content\/uploads\/2019\/05\/Dr.-Jose-Lopez-Larache-257x285.jpg\",\"contentUrl\":\"https:\/\/adtusalud.org\/wp-content\/uploads\/2019\/05\/Dr.-Jose-Lopez-Larache-257x285.jpg\",\"width\":257,\"height\":285},{\"@type\":\"BreadcrumbList\",\"@id\":\"https:\/\/adtusalud.org\/en\/about-us\/dr-jose-lopez-larache\/#breadcrumb\",\"itemListElement\":[{\"@type\":\"ListItem\",\"position\":1,\"name\":\"Home\",\"item\":\"https:\/\/adtusalud.org\/en\/\"},{\"@type\":\"ListItem\",\"position\":2,\"name\":\"About us\",\"item\":\"https:\/\/adtusalud.org\/en\/quienes-somos\/\"},{\"@type\":\"ListItem\",\"position\":3,\"name\":\"Dr. Jos\u00e9 L\u00f3pez Larache\"}]},{\"@type\":\"WebSite\",\"@id\":\"https:\/\/adtusalud.org\/en\/#website\",\"url\":\"https:\/\/adtusalud.org\/en\/\",\"name\":\"Asociaci\u00f3n Dominicana de Turismo de Salud\",\"description\":\"Asociaci\u00f3n Dominicana de Turismo de Salud\",\"potentialAction\":[{\"@type\":\"SearchAction\",\"target\":{\"@type\":\"EntryPoint\",\"urlTemplate\":\"https:\/\/adtusalud.org\/en\/?s={search_term_string}\"},\"query-input\":{\"@type\":\"PropertyValueSpecification\",\"valueRequired\":true,\"valueName\":\"search_term_string\"}}],\"inLanguage\":\"en-US\"}]}<\/script>\n<!-- \/ Yoast SEO plugin. -->","yoast_head_json":{"title":"Dr. Jos\u00e9 L\u00f3pez Larache - Asociaci\u00f3n Dominicana de Turismo de Salud","robots":{"index":"index","follow":"follow","max-snippet":"max-snippet:-1","max-image-preview":"max-image-preview:large","max-video-preview":"max-video-preview:-1"},"canonical":"https:\/\/adtusalud.org\/en\/about-us\/dr-jose-lopez-larache\/","og_locale":"en_US","og_type":"article","og_title":"Dr. Jos\u00e9 L\u00f3pez Larache - Asociaci\u00f3n Dominicana de Turismo de Salud","og_description":"[vc_row css=&#8221;.vc_custom_1459506735567{margin-bottom: 100px !important;}&#8221;][vc_column offset=&#8221;vc_col-lg-9 vc_col-md-9&#8243;][vc_custom_heading stripe_pos=&#8221;hide&#8221; text=&#8221;Dr. Jos\u00e9 L\u00f3pez Larache&#8221; font_container=&#8221;tag:h6|text_align:left&#8221; use_theme_fonts=&#8221;yes&#8221; subtitle=&#8221;Vicepresidente Salud Central Romana&#8221; link=&#8221;url:https%3A%2F%2Fadtusalud.org%2F%3Fpage_id%3D6746%26preview%3Dtrue|||&#8221;][vc_row_inner css=&#8221;.vc_custom_1453120532096{margin-bottom: 37px !important;}&#8221;][vc_column_inner width=&#8221;1\/2&#8243; offset=&#8221;vc_col-lg-4 vc_col-md-4&#8243;][vc_single_image image=&#8221;6260&#8243; img_size=&#8221;560&#215;560&#8243; onclick=&#8221;custom_link&#8221; css=&#8221;.vc_custom_1559438136322{padding-right: 25px !important;}&#8221;][\/vc_column_inner][vc_column_inner width=&#8221;1\/2&#8243; offset=&#8221;vc_col-lg-4 vc_col-md-4&#8243;][stm_spacing lg_spacing=&#8221;0&#8243; md_spacing=&#8221;0&#8243; sm_spacing=&#8221;0&#8243; xs_spacing=&#8221;30&#8243;][vc_custom_heading text=&#8221;&#8221; font_container=&#8221;tag:h6|text_align:left|color:%23222222&#8243; use_theme_fonts=&#8221;yes&#8221; css=&#8221;.vc_custom_1559437875446{margin-bottom: 18px !important;}&#8221; el_class=&#8221;no_stripe remove_padding&#8221;][vc_column_text] Vicepresidente de Salud del Central Romana Director M\u00e9dico Central Romana","og_url":"https:\/\/adtusalud.org\/en\/about-us\/dr-jose-lopez-larache\/","og_site_name":"Asociaci\u00f3n Dominicana de Turismo de Salud","og_image":[{"width":257,"height":285,"url":"https:\/\/adtusalud.org\/wp-content\/uploads\/2019\/05\/Dr.-Jose-Lopez-Larache-257x285.jpg","type":"image\/jpeg"}],"twitter_card":"summary_large_image","twitter_misc":{"Est. reading time":"3 minutes"},"schema":{"@context":"https:\/\/schema.org","@graph":[{"@type":"WebPage","@id":"https:\/\/adtusalud.org\/en\/about-us\/dr-jose-lopez-larache\/","url":"https:\/\/adtusalud.org\/en\/about-us\/dr-jose-lopez-larache\/","name":"Dr. Jos\u00e9 L\u00f3pez Larache - Asociaci\u00f3n Dominicana de Turismo de Salud","isPartOf":{"@id":"https:\/\/adtusalud.org\/en\/#website"},"primaryImageOfPage":{"@id":"https:\/\/adtusalud.org\/en\/about-us\/dr-jose-lopez-larache\/#primaryimage"},"image":{"@id":"https:\/\/adtusalud.org\/en\/about-us\/dr-jose-lopez-larache\/#primaryimage"},"thumbnailUrl":"https:\/\/adtusalud.org\/wp-content\/uploads\/2019\/05\/Dr.-Jose-Lopez-Larache-257x285.jpg","datePublished":"2019-07-23T19:20:16+00:00","breadcrumb":{"@id":"https:\/\/adtusalud.org\/en\/about-us\/dr-jose-lopez-larache\/#breadcrumb"},"inLanguage":"en-US","potentialAction":[{"@type":"ReadAction","target":["https:\/\/adtusalud.org\/en\/about-us\/dr-jose-lopez-larache\/"]}]},{"@type":"ImageObject","inLanguage":"en-US","@id":"https:\/\/adtusalud.org\/en\/about-us\/dr-jose-lopez-larache\/#primaryimage","url":"https:\/\/adtusalud.org\/wp-content\/uploads\/2019\/05\/Dr.-Jose-Lopez-Larache-257x285.jpg","contentUrl":"https:\/\/adtusalud.org\/wp-content\/uploads\/2019\/05\/Dr.-Jose-Lopez-Larache-257x285.jpg","width":257,"height":285},{"@type":"BreadcrumbList","@id":"https:\/\/adtusalud.org\/en\/about-us\/dr-jose-lopez-larache\/#breadcrumb","itemListElement":[{"@type":"ListItem","position":1,"name":"Home","item":"https:\/\/adtusalud.org\/en\/"},{"@type":"ListItem","position":2,"name":"About us","item":"https:\/\/adtusalud.org\/en\/quienes-somos\/"},{"@type":"ListItem","position":3,"name":"Dr. Jos\u00e9 L\u00f3pez Larache"}]},{"@type":"WebSite","@id":"https:\/\/adtusalud.org\/en\/#website","url":"https:\/\/adtusalud.org\/en\/","name":"Asociaci\u00f3n Dominicana de Turismo de Salud","description":"Asociaci\u00f3n Dominicana de Turismo de Salud","potentialAction":[{"@type":"SearchAction","target":{"@type":"EntryPoint","urlTemplate":"https:\/\/adtusalud.org\/en\/?s={search_term_string}"},"query-input":{"@type":"PropertyValueSpecification","valueRequired":true,"valueName":"search_term_string"}}],"inLanguage":"en-US"}]}},"_links":{"self":[{"href":"https:\/\/adtusalud.org\/en\/wp-json\/wp\/v2\/pages\/7312","targetHints":{"allow":["GET"]}}],"collection":[{"href":"https:\/\/adtusalud.org\/en\/wp-json\/wp\/v2\/pages"}],"about":[{"href":"https:\/\/adtusalud.org\/en\/wp-json\/wp\/v2\/types\/page"}],"author":[{"embeddable":true,"href":"https:\/\/adtusalud.org\/en\/wp-json\/wp\/v2\/users\/1"}],"replies":[{"embeddable":true,"href":"https:\/\/adtusalud.org\/en\/wp-json\/wp\/v2\/comments?post=7312"}],"version-history":[{"count":2,"href":"https:\/\/adtusalud.org\/en\/wp-json\/wp\/v2\/pages\/7312\/revisions"}],"predecessor-version":[{"id":7315,"href":"https:\/\/adtusalud.org\/en\/wp-json\/wp\/v2\/pages\/7312\/revisions\/7315"}],"up":[{"embeddable":true,"href":"https:\/\/adtusalud.org\/en\/wp-json\/wp\/v2\/pages\/7289"}],"wp:featuredmedia":[{"embeddable":true,"href":"https:\/\/adtusalud.org\/en\/wp-json\/wp\/v2\/media\/7095"}],"wp:attachment":[{"href":"https:\/\/adtusalud.org\/en\/wp-json\/wp\/v2\/media?parent=7312"}],"curies":[{"name":"wp","href":"https:\/\/api.w.org\/{rel}","templated":true}]}}